{"id":995,"date":"2024-01-04T08:40:41","date_gmt":"2024-01-04T08:40:41","guid":{"rendered":"https:\/\/www.ballons-du-leman.chour-commitment\/"},"modified":"2026-01-05T11:56:17","modified_gmt":"2026-01-05T11:56:17","slug":"our-commitment","status":"publish","type":"page","link":"https:\/\/www.ballons-du-leman.ch\/en\/our-commitment\/","title":{"rendered":"Our commitment"},"content":{"rendered":"\n<h2 class=\"wp-block-heading\"><strong>Ballons du L\u00e9man is committed to sustainable development! How ?<\/strong><\/h2>\n\n<div class=\"wp-block-columns is-layout-flex wp-container-core-columns-is-layout-9d6595d7 wp-block-columns-is-layout-flex\">\n<div class=\"wp-block-column is-layout-flow wp-block-column-is-layout-flow\">\n<div class=\"wp-block-group is-content-justification-space-between is-nowrap is-layout-flex wp-container-core-group-is-layout-0dfbf163 wp-block-group-is-layout-flex\">\n<h4 class=\"wp-block-heading\" style=\"font-size:18px\"><strong>By developing social partnerships<\/strong><\/h4>\n\n\n\n<figure class=\"wp-block-image size-full is-resized\"><img loading=\"lazy\" decoding=\"async\" width=\"1024\" height=\"1024\" src=\"https:\/\/www.ballons-du-leman.chwp-content\/uploads\/2024\/01\/pilier-devouement-1024x1024-1.webp\" alt=\"\" class=\"wp-image-574\" style=\"width:70px;height:auto\" srcset=\"https:\/\/www.ballons-du-leman.ch\/wp-content\/uploads\/2024\/01\/pilier-devouement-1024x1024-1.webp 1024w, https:\/\/www.ballons-du-leman.ch\/wp-content\/uploads\/2024\/01\/pilier-devouement-1024x1024-1-300x300.webp 300w, https:\/\/www.ballons-du-leman.ch\/wp-content\/uploads\/2024\/01\/pilier-devouement-1024x1024-1-150x150.webp 150w, https:\/\/www.ballons-du-leman.ch\/wp-content\/uploads\/2024\/01\/pilier-devouement-1024x1024-1-768x768.webp 768w, https:\/\/www.ballons-du-leman.ch\/wp-content\/uploads\/2024\/01\/pilier-devouement-1024x1024-1-24x24.webp 24w, https:\/\/www.ballons-du-leman.ch\/wp-content\/uploads\/2024\/01\/pilier-devouement-1024x1024-1-36x36.webp 36w, https:\/\/www.ballons-du-leman.ch\/wp-content\/uploads\/2024\/01\/pilier-devouement-1024x1024-1-48x48.webp 48w, https:\/\/www.ballons-du-leman.ch\/wp-content\/uploads\/2024\/01\/pilier-devouement-1024x1024-1-600x600.webp 600w, https:\/\/www.ballons-du-leman.ch\/wp-content\/uploads\/2024\/01\/pilier-devouement-1024x1024-1-100x100.webp 100w\" sizes=\"auto, (max-width: 1024px) 100vw, 1024px\" \/><\/figure>\n<\/div>\n\n\n\n<p style=\"font-size:16px\">Aware of how lucky we are to be able to live our passion from day to day, it is important to us to share these magical moments with others who are not always as lucky.<\/p>\n\n\n\n<p style=\"font-size:16px\">We are very proud to have been able to make Xavier\u2019s dream come true, which is supported by the association Make a Wish.<\/p>\n\n\n<div class=\"wp-block-image is-resized\">\n<figure class=\"aligncenter size-full\"><img loading=\"lazy\" decoding=\"async\" width=\"200\" height=\"55\" src=\"https:\/\/www.ballons-du-leman.chwp-content\/uploads\/2024\/01\/make-a-wish.webp\" alt=\"\" class=\"wp-image-572\" srcset=\"https:\/\/www.ballons-du-leman.ch\/wp-content\/uploads\/2024\/01\/make-a-wish.webp 200w, https:\/\/www.ballons-du-leman.ch\/wp-content\/uploads\/2024\/01\/make-a-wish-24x7.webp 24w, https:\/\/www.ballons-du-leman.ch\/wp-content\/uploads\/2024\/01\/make-a-wish-36x10.webp 36w, https:\/\/www.ballons-du-leman.ch\/wp-content\/uploads\/2024\/01\/make-a-wish-48x13.webp 48w\" sizes=\"auto, (max-width: 200px) 100vw, 200px\" \/><\/figure><\/div>\n\n\n<div style=\"height:31px\" aria-hidden=\"true\" class=\"wp-block-spacer\"><\/div>\n\n\n\n<p style=\"font-size:16px\">BALLONS du LEMAN supports the MIRACLES foundation which has been working since 2008 with landmine victims so that they can recover a lost limb.<\/p>\n\n\n<div class=\"wp-block-image is-resized\">\n<figure class=\"aligncenter size-full\"><img loading=\"lazy\" decoding=\"async\" width=\"200\" height=\"155\" src=\"https:\/\/www.ballons-du-leman.chwp-content\/uploads\/2024\/01\/logo-engagement-miracles.webp\" alt=\"\" class=\"wp-image-570\" style=\"width:133px;height:auto\" srcset=\"https:\/\/www.ballons-du-leman.ch\/wp-content\/uploads\/2024\/01\/logo-engagement-miracles.webp 200w, https:\/\/www.ballons-du-leman.ch\/wp-content\/uploads\/2024\/01\/logo-engagement-miracles-24x19.webp 24w, https:\/\/www.ballons-du-leman.ch\/wp-content\/uploads\/2024\/01\/logo-engagement-miracles-36x28.webp 36w, https:\/\/www.ballons-du-leman.ch\/wp-content\/uploads\/2024\/01\/logo-engagement-miracles-48x37.webp 48w\" sizes=\"auto, (max-width: 200px) 100vw, 200px\" \/><\/figure><\/div>\n\n\n<div style=\"height:29px\" aria-hidden=\"true\" class=\"wp-block-spacer\"><\/div>\n\n\n\n<p style=\"font-size:16px\">Enfin, Aviation Sans Fronti\u00e8res Suisse, Ballons du L\u00e9man et la Fondation l&#8217;Esp\u00e9rance se sont associ\u00e9s dans le cadre du programme &#8220;Les Ailes du Sourire&#8221;, afin d&#8217;offrir aux b\u00e9n\u00e9ficiaires en situation de handicap la possibilit\u00e9 de d\u00e9couvrir le monde de la montgolfi\u00e8re, comme cela se fait d\u00e9j\u00e0 dans le monde de l&#8217;aviation. Ces vols, qui ont lieu dans la r\u00e9gion lausannoise, permettent aux enfants et aux adultes de voler dans les airs \u00e0 bord d&#8217;une de nos montgolfi\u00e8res. Le programme &#8220;Les ailes du sourire&#8221; a \u00e9t\u00e9 rendu possible gr\u00e2ce aux partenaires et sponsors d&#8217;Aviation Sans Fronti\u00e8res Suisse. Vous souhaitez soutenir ce projet ? Rendez-vous sur <a href=\"https:\/\/www.asf-suisse.ch\/\" target=\"_blank\" rel=\"noreferrer noopener\">https:\/\/www.asf-suisse.ch\/<\/a>    <\/p>\n\n\n<div class=\"wp-block-image\">\n<figure class=\"aligncenter size-full is-resized\"><img loading=\"lazy\" decoding=\"async\" width=\"1024\" height=\"287\" src=\"https:\/\/www.ballons-du-leman.chwp-content\/uploads\/2024\/01\/LOGO_ASF_SUISSE-1024x287-1.webp\" alt=\"\" class=\"wp-image-566\" style=\"width:314px;height:auto\" srcset=\"https:\/\/www.ballons-du-leman.ch\/wp-content\/uploads\/2024\/01\/LOGO_ASF_SUISSE-1024x287-1.webp 1024w, https:\/\/www.ballons-du-leman.ch\/wp-content\/uploads\/2024\/01\/LOGO_ASF_SUISSE-1024x287-1-300x84.webp 300w, https:\/\/www.ballons-du-leman.ch\/wp-content\/uploads\/2024\/01\/LOGO_ASF_SUISSE-1024x287-1-768x215.webp 768w, https:\/\/www.ballons-du-leman.ch\/wp-content\/uploads\/2024\/01\/LOGO_ASF_SUISSE-1024x287-1-24x7.webp 24w, https:\/\/www.ballons-du-leman.ch\/wp-content\/uploads\/2024\/01\/LOGO_ASF_SUISSE-1024x287-1-36x10.webp 36w, https:\/\/www.ballons-du-leman.ch\/wp-content\/uploads\/2024\/01\/LOGO_ASF_SUISSE-1024x287-1-48x13.webp 48w, https:\/\/www.ballons-du-leman.ch\/wp-content\/uploads\/2024\/01\/LOGO_ASF_SUISSE-1024x287-1-600x168.webp 600w\" sizes=\"auto, (max-width: 1024px) 100vw, 1024px\" \/><\/figure><\/div><\/div>\n\n\n\n<div class=\"wp-block-column is-layout-flow wp-block-column-is-layout-flow\">\n<div class=\"wp-block-group is-content-justification-space-between is-nowrap is-layout-flex wp-container-core-group-is-layout-0dfbf163 wp-block-group-is-layout-flex\">\n<h4 class=\"wp-block-heading\" style=\"font-size:18px\"><strong>We are Swisstainable<\/strong><\/h4>\n\n\n\n<figure class=\"wp-block-image size-full is-resized\"><img loading=\"lazy\" decoding=\"async\" width=\"150\" height=\"150\" src=\"https:\/\/www.ballons-du-leman.chwp-content\/uploads\/2024\/01\/125_20q_01_swisstainable_2_engaged_RGB-150x150-1.webp\" alt=\"\" class=\"wp-image-251\" style=\"width:81px;height:auto\" srcset=\"https:\/\/www.ballons-du-leman.ch\/wp-content\/uploads\/2024\/01\/125_20q_01_swisstainable_2_engaged_RGB-150x150-1.webp 150w, https:\/\/www.ballons-du-leman.ch\/wp-content\/uploads\/2024\/01\/125_20q_01_swisstainable_2_engaged_RGB-150x150-1-100x100.webp 100w\" sizes=\"auto, (max-width: 150px) 100vw, 150px\" \/><\/figure>\n<\/div>\n\n\n\n<p class=\"has-text-align-left\" style=\"font-size:16px\">We are part of the Swisstainable sustainability program and are classified as level II \u2013 committed. The Swisstainable sustainability program brings together establishments and organizations from the entire Swiss tourism sector. By participating, we commit ourselves to the continuous sustainable development of our establishment, implement measures in the field of sustainability and thus make a concrete contribution to sustainable Swiss tourism. Find out more about Swisstainable : <a href=\"https:\/\/www.myswitzerland.com\/fr-ch\/planification\/vie-pratique\/la-suisse-durable-par-nature\/\">MySwitzerland.com\/Swisstainable.<\/a>   <\/p>\n\n\n\n<div style=\"height:30px\" aria-hidden=\"true\" class=\"wp-block-spacer\"><\/div>\n\n\n\n<div class=\"wp-block-group is-content-justification-space-between is-nowrap is-layout-flex wp-container-core-group-is-layout-0dfbf163 wp-block-group-is-layout-flex\">\n<h4 class=\"wp-block-heading\" style=\"font-size:18px\"><strong>We are VAUD AMBASSADEUR<\/strong><\/h4>\n\n\n\n<figure class=\"wp-block-image size-full is-resized is-style-default\"><img loading=\"lazy\" decoding=\"async\" width=\"216\" height=\"100\" src=\"https:\/\/www.ballons-du-leman.ch\/wp-content\/uploads\/2024\/01\/Plan-de-travail-1@100x.webp\" alt=\"\" class=\"wp-image-249\"\/><\/figure>\n<\/div>\n\n\n\n<p style=\"font-size:16px\">Honored to showcase the Canton of Vaud from the air, we are keen to play an active role in its development and influence!<br\/>Under this label are shared the notions of respect, ethics and sustainability that we hold dear. We are proud of this label, a guarantee of Vaudois excellence! <\/p>\n\n\n\n<div style=\"height:30px\" aria-hidden=\"true\" class=\"wp-block-spacer\"><\/div>\n\n\n\n<div class=\"wp-block-group is-content-justification-space-between is-nowrap is-layout-flex wp-container-core-group-is-layout-0dfbf163 wp-block-group-is-layout-flex\">\n<h4 class=\"wp-block-heading\" style=\"font-size:18px\"><strong>By ensuring accessibility for all<\/strong><\/h4>\n\n\n\n<figure class=\"wp-block-image size-full is-resized\"><img loading=\"lazy\" decoding=\"async\" width=\"64\" height=\"83\" src=\"https:\/\/www.ballons-du-leman.chwp-content\/uploads\/2024\/01\/pilier-accessiblite.webp\" alt=\"\" class=\"wp-image-568\" style=\"width:47px;height:auto\" srcset=\"https:\/\/www.ballons-du-leman.ch\/wp-content\/uploads\/2024\/01\/pilier-accessiblite.webp 64w, https:\/\/www.ballons-du-leman.ch\/wp-content\/uploads\/2024\/01\/pilier-accessiblite-19x24.webp 19w, https:\/\/www.ballons-du-leman.ch\/wp-content\/uploads\/2024\/01\/pilier-accessiblite-28x36.webp 28w, https:\/\/www.ballons-du-leman.ch\/wp-content\/uploads\/2024\/01\/pilier-accessiblite-37x48.webp 37w\" sizes=\"auto, (max-width: 64px) 100vw, 64px\" \/><\/figure>\n<\/div>\n\n\n\n<p style=\"font-size:16px\">Making our flights accessible to all is a strong commitment for BALLONS du LEMAN. Because the sky is a free environment and allows you to be in another space\/time, giving access to all to these incredible sensations is an important step for us.  <a href=\"https:\/\/www.ballons-du-leman.ch\/en\/everybody-welcome\/\">To know more about it, go here.<\/a><\/p>\n\n\n\n<div style=\"height:30px\" aria-hidden=\"true\" class=\"wp-block-spacer\"><\/div>\n\n\n\n<div class=\"wp-block-group is-content-justification-space-between is-nowrap is-layout-flex wp-container-core-group-is-layout-0dfbf163 wp-block-group-is-layout-flex\">\n<h4 class=\"wp-block-heading\" style=\"font-size:18px\"><strong>By contributing to environmental awareness<\/strong><\/h4>\n\n\n\n<figure class=\"wp-block-image size-full is-resized\"><img loading=\"lazy\" decoding=\"async\" width=\"150\" height=\"150\" src=\"https:\/\/www.ballons-du-leman.chwp-content\/uploads\/2024\/01\/pilier-ecologie-1-150x150-1.webp\" alt=\"\" class=\"wp-image-564\" style=\"width:66px;height:auto\" srcset=\"https:\/\/www.ballons-du-leman.ch\/wp-content\/uploads\/2024\/01\/pilier-ecologie-1-150x150-1.webp 150w, https:\/\/www.ballons-du-leman.ch\/wp-content\/uploads\/2024\/01\/pilier-ecologie-1-150x150-1-24x24.webp 24w, https:\/\/www.ballons-du-leman.ch\/wp-content\/uploads\/2024\/01\/pilier-ecologie-1-150x150-1-36x36.webp 36w, https:\/\/www.ballons-du-leman.ch\/wp-content\/uploads\/2024\/01\/pilier-ecologie-1-150x150-1-48x48.webp 48w, https:\/\/www.ballons-du-leman.ch\/wp-content\/uploads\/2024\/01\/pilier-ecologie-1-150x150-1-100x100.webp 100w\" sizes=\"auto, (max-width: 150px) 100vw, 150px\" \/><\/figure>\n<\/div>\n\n\n\n<p style=\"font-size:16px\">For Ballons du L\u00e9man, hot air ballooning is an original and extraordinary opportunity to allow everyone to get closer to nature, to commune with it and thus to become aware of its respect. Let\u2019s preserve together this beautiful environment and our Planet! <\/p>\n\n\n\n<div style=\"height:30px\" aria-hidden=\"true\" class=\"wp-block-spacer\"><\/div>\n<\/div>\n<\/div>\n\n<div class=\"wp-block-columns is-layout-flex wp-container-core-columns-is-layout-9d6595d7 wp-block-columns-is-layout-flex\">\n<div class=\"wp-block-column is-layout-flow wp-block-column-is-layout-flow\">\n<div class=\"wp-block-group is-horizontal is-content-justification-space-between is-nowrap is-layout-flex wp-container-core-group-is-layout-b493c794 wp-block-group-is-layout-flex\">\n<h4 class=\"wp-block-heading\" style=\"font-size:18px\"><strong>By offsetting its CO2 emissions annually<\/strong><\/h4>\n\n\n\n<figure class=\"wp-block-image size-full is-resized\"><img loading=\"lazy\" decoding=\"async\" width=\"1024\" height=\"1024\" src=\"https:\/\/www.ballons-du-leman.chwp-content\/uploads\/2024\/01\/Almighty-Tree-logo-Vertical-transparent-background-1024x1024-1.webp\" alt=\"\" class=\"wp-image-562\" style=\"width:81px;height:auto\" srcset=\"https:\/\/www.ballons-du-leman.ch\/wp-content\/uploads\/2024\/01\/Almighty-Tree-logo-Vertical-transparent-background-1024x1024-1.webp 1024w, https:\/\/www.ballons-du-leman.ch\/wp-content\/uploads\/2024\/01\/Almighty-Tree-logo-Vertical-transparent-background-1024x1024-1-300x300.webp 300w, https:\/\/www.ballons-du-leman.ch\/wp-content\/uploads\/2024\/01\/Almighty-Tree-logo-Vertical-transparent-background-1024x1024-1-150x150.webp 150w, https:\/\/www.ballons-du-leman.ch\/wp-content\/uploads\/2024\/01\/Almighty-Tree-logo-Vertical-transparent-background-1024x1024-1-768x768.webp 768w, https:\/\/www.ballons-du-leman.ch\/wp-content\/uploads\/2024\/01\/Almighty-Tree-logo-Vertical-transparent-background-1024x1024-1-24x24.webp 24w, https:\/\/www.ballons-du-leman.ch\/wp-content\/uploads\/2024\/01\/Almighty-Tree-logo-Vertical-transparent-background-1024x1024-1-36x36.webp 36w, https:\/\/www.ballons-du-leman.ch\/wp-content\/uploads\/2024\/01\/Almighty-Tree-logo-Vertical-transparent-background-1024x1024-1-48x48.webp 48w, https:\/\/www.ballons-du-leman.ch\/wp-content\/uploads\/2024\/01\/Almighty-Tree-logo-Vertical-transparent-background-1024x1024-1-600x600.webp 600w, https:\/\/www.ballons-du-leman.ch\/wp-content\/uploads\/2024\/01\/Almighty-Tree-logo-Vertical-transparent-background-1024x1024-1-100x100.webp 100w\" sizes=\"auto, (max-width: 1024px) 100vw, 1024px\" \/><\/figure>\n<\/div>\n\n\n\n<p style=\"font-size:16px\">Currently, the money paid is invested in sustainable environmental projects abroad. Our method of calculation: An estimate of the amount of C02 emitted during our flights is made by an independent environmental organization &#8220;<a href=\"https:\/\/www.co2logic.com\/fr\/le-label-co2-neutral\">C02 Logique<\/a>&#8220;.  On this basis, we donate to projects such as green energy research, which aims to reduce the consumption of polluting energy. <\/p>\n\n\n\n<p style=\"font-size:16px\">Since 2022, our company has also been involved in tree planting in Switzerland in order to offset its CO2 emissions. We are committed to reforestation and biodiversity preservation through several actions: planting new trees with a selection of species according to the region, the needs and global warming and the development of natural hedges for biodiversity  <a href=\"https:\/\/fr.almightytree.ch\/ballons-du-leman\">Click here to learn more about the trees planted.<\/a><\/p>\n<\/div>\n\n\n\n<div class=\"wp-block-column is-layout-flow wp-block-column-is-layout-flow\">\n<div class=\"wp-block-group is-content-justification-space-between is-nowrap is-layout-flex wp-container-core-group-is-layout-0dfbf163 wp-block-group-is-layout-flex\">\n<h4 class=\"wp-block-heading\" style=\"font-size:18px\"><strong>By limiting its CO2 emissions<\/strong><\/h4>\n\n\n\n<figure class=\"wp-block-image size-full is-resized\"><img loading=\"lazy\" decoding=\"async\" width=\"494\" height=\"488\" src=\"https:\/\/www.ballons-du-leman.chwp-content\/uploads\/2024\/01\/CO2-Neutral-logo.jpg\" alt=\"\" class=\"wp-image-263\" style=\"width:81px;height:auto\" srcset=\"https:\/\/www.ballons-du-leman.ch\/wp-content\/uploads\/2024\/01\/CO2-Neutral-logo.jpg 494w, https:\/\/www.ballons-du-leman.ch\/wp-content\/uploads\/2024\/01\/CO2-Neutral-logo-100x100.jpg 100w, https:\/\/www.ballons-du-leman.ch\/wp-content\/uploads\/2024\/01\/CO2-Neutral-logo-300x296.jpg 300w\" sizes=\"auto, (max-width: 494px) 100vw, 494px\" \/><\/figure>\n<\/div>\n\n\n\n<p style=\"font-size:16px\">Did you know that? <\/p>\n\n\n\n<ul class=\"wp-block-list\" style=\"font-size:16px\">\n<li>In hot-air ballooning we do not use any engine, our force? nature and more particularly the wind ! la nature et plus particuli\u00e8rement le vent ! <\/li>\n\n\n\n<li>Our equipment is made of natural materials: wicker, leather, ropes\u2026<\/li>\n\n\n\n<li>In a hot air balloon we evolve in the middle of nature! No particular infrastructure, we take off and land in a field !<\/li>\n\n\n\n<li>We limit our consumption of fossil fuels by using electric vehicles in particular<\/li>\n\n\n\n<li>But which gas do we use? A gas considered clean because its combustion generates practically no particle, it is not polluting and not toxic. Propane !   <\/li>\n<\/ul>\n\n\n\n<p style=\"font-size:16px\">You can find more information about it here: <a href=\"https:\/\/flaga.ch\/fr\/a-propos-du-gaz-liquide\/\">https:\/\/flaga.ch\/fr\/a-propos-du-gaz-liquide\/<\/a><\/p>\n<\/div>\n<\/div>\n\n<div class=\"wp-block-columns is-layout-flex wp-container-core-columns-is-layout-9d6595d7 wp-block-columns-is-layout-flex\">\n<div class=\"wp-block-column is-layout-flow wp-block-column-is-layout-flow\">\n<div class=\"wp-block-group is-content-justification-space-between is-nowrap is-layout-flex wp-container-core-group-is-layout-0dfbf163 wp-block-group-is-layout-flex\">\n<h4 class=\"wp-block-heading\" style=\"font-size:18px\"><strong>By limiting its waste and organizing its sorting<\/strong><\/h4>\n\n\n\n<figure class=\"wp-block-image size-full is-resized\"><img loading=\"lazy\" decoding=\"async\" width=\"512\" height=\"512\" src=\"https:\/\/www.ballons-du-leman.chwp-content\/uploads\/2024\/01\/terre.webp\" alt=\"\" class=\"wp-image-559\" style=\"width:69px;height:auto\" srcset=\"https:\/\/www.ballons-du-leman.ch\/wp-content\/uploads\/2024\/01\/terre.webp 512w, https:\/\/www.ballons-du-leman.ch\/wp-content\/uploads\/2024\/01\/terre-300x300.webp 300w, https:\/\/www.ballons-du-leman.ch\/wp-content\/uploads\/2024\/01\/terre-150x150.webp 150w, https:\/\/www.ballons-du-leman.ch\/wp-content\/uploads\/2024\/01\/terre-24x24.webp 24w, https:\/\/www.ballons-du-leman.ch\/wp-content\/uploads\/2024\/01\/terre-36x36.webp 36w, https:\/\/www.ballons-du-leman.ch\/wp-content\/uploads\/2024\/01\/terre-48x48.webp 48w, https:\/\/www.ballons-du-leman.ch\/wp-content\/uploads\/2024\/01\/terre-100x100.webp 100w\" sizes=\"auto, (max-width: 512px) 100vw, 512px\" \/><\/figure>\n<\/div>\n\n\n\n<p style=\"font-size:16px\">Within the framework of our activity, we make sure to use reusable materials as much as possible in order to limit our waste. In addition, we regularly remind our teams of the uses of waste sorting. <\/p>\n<\/div>\n\n\n\n<div class=\"wp-block-column is-layout-flow wp-block-column-is-layout-flow\">\n<div class=\"wp-block-group is-content-justification-space-between is-nowrap is-layout-flex wp-container-core-group-is-layout-0dfbf163 wp-block-group-is-layout-flex\">\n<h4 class=\"wp-block-heading\" style=\"font-size:18px\"><strong>By ensuring equal payment<\/strong><\/h4>\n\n\n\n<figure class=\"wp-block-image size-full is-resized\"><img loading=\"lazy\" decoding=\"async\" width=\"1024\" height=\"1024\" src=\"https:\/\/www.ballons-du-leman.chwp-content\/uploads\/2024\/01\/pilier-securite-1024x1024-1.webp\" alt=\"\" class=\"wp-image-557\" style=\"width:81px;height:auto\" srcset=\"https:\/\/www.ballons-du-leman.ch\/wp-content\/uploads\/2024\/01\/pilier-securite-1024x1024-1.webp 1024w, https:\/\/www.ballons-du-leman.ch\/wp-content\/uploads\/2024\/01\/pilier-securite-1024x1024-1-300x300.webp 300w, https:\/\/www.ballons-du-leman.ch\/wp-content\/uploads\/2024\/01\/pilier-securite-1024x1024-1-150x150.webp 150w, https:\/\/www.ballons-du-leman.ch\/wp-content\/uploads\/2024\/01\/pilier-securite-1024x1024-1-768x768.webp 768w, https:\/\/www.ballons-du-leman.ch\/wp-content\/uploads\/2024\/01\/pilier-securite-1024x1024-1-24x24.webp 24w, https:\/\/www.ballons-du-leman.ch\/wp-content\/uploads\/2024\/01\/pilier-securite-1024x1024-1-36x36.webp 36w, https:\/\/www.ballons-du-leman.ch\/wp-content\/uploads\/2024\/01\/pilier-securite-1024x1024-1-48x48.webp 48w, https:\/\/www.ballons-du-leman.ch\/wp-content\/uploads\/2024\/01\/pilier-securite-1024x1024-1-600x600.webp 600w, https:\/\/www.ballons-du-leman.ch\/wp-content\/uploads\/2024\/01\/pilier-securite-1024x1024-1-100x100.webp 100w\" sizes=\"auto, (max-width: 1024px) 100vw, 1024px\" \/><\/figure>\n<\/div>\n\n\n\n<p style=\"font-size:16px\">Because equality is a fundamental right, BALLONS du LEMAN ensures a strict salary equality between men and women and supports by its recruitment process a parity in its staff.<\/p>\n<\/div>\n<\/div>\n\n<div style=\"height:50px\" aria-hidden=\"true\" class=\"wp-block-spacer\"><\/div>\n<div class=\"wp-block-image is-style-default\">\n<figure class=\"aligncenter size-full\"><img loading=\"lazy\" decoding=\"async\" width=\"2560\" height=\"1220\" src=\"https:\/\/www.ballons-du-leman.ch\/wp-content\/uploads\/2024\/07\/Swisstainable-Ballons-du-Leman-scaled.jpg\" alt=\"Swisstainable niveau 2 Engaged - Ballons-du-L&#xE9;man\" class=\"wp-image-2318\" style=\"object-fit:cover\" srcset=\"https:\/\/www.ballons-du-leman.ch\/wp-content\/uploads\/2024\/07\/Swisstainable-Ballons-du-Leman-scaled.jpg 2560w, https:\/\/www.ballons-du-leman.ch\/wp-content\/uploads\/2024\/07\/Swisstainable-Ballons-du-Leman-300x143.jpg 300w, https:\/\/www.ballons-du-leman.ch\/wp-content\/uploads\/2024\/07\/Swisstainable-Ballons-du-Leman-1024x488.jpg 1024w, https:\/\/www.ballons-du-leman.ch\/wp-content\/uploads\/2024\/07\/Swisstainable-Ballons-du-Leman-768x366.jpg 768w, https:\/\/www.ballons-du-leman.ch\/wp-content\/uploads\/2024\/07\/Swisstainable-Ballons-du-Leman-1536x732.jpg 1536w, https:\/\/www.ballons-du-leman.ch\/wp-content\/uploads\/2024\/07\/Swisstainable-Ballons-du-Leman-2048x976.jpg 2048w, https:\/\/www.ballons-du-leman.ch\/wp-content\/uploads\/2024\/07\/Swisstainable-Ballons-du-Leman-24x11.jpg 24w, https:\/\/www.ballons-du-leman.ch\/wp-content\/uploads\/2024\/07\/Swisstainable-Ballons-du-Leman-36x17.jpg 36w, https:\/\/www.ballons-du-leman.ch\/wp-content\/uploads\/2024\/07\/Swisstainable-Ballons-du-Leman-48x23.jpg 48w, https:\/\/www.ballons-du-leman.ch\/wp-content\/uploads\/2024\/07\/Swisstainable-Ballons-du-Leman-600x286.jpg 600w\" sizes=\"auto, (max-width: 2560px) 100vw, 2560px\" \/><\/figure><\/div>","protected":false},"excerpt":{"rendered":"<p>Ballons du L\u00e9man is committed to sustainable development! How ? By developing social partnerships Aware of how lucky we are to be able to live our passion from day to day, it is important to us to share these magical moments with others who are not always as lucky. We are very proud to have [&hellip;]<\/p>\n","protected":false},"author":1,"featured_media":627,"parent":0,"menu_order":0,"comment_status":"closed","ping_status":"closed","template":"","meta":{"_acf_changed":false,"_coblocks_attr":"","_coblocks_dimensions":"","_coblocks_responsive_height":"","_coblocks_accordion_ie_support":"","inline_featured_image":false,"footnotes":""},"class_list":["post-995","page","type-page","status-publish","has-post-thumbnail","hentry"],"acf":[],"yoast_head":"<!-- This site is optimized with the Yoast SEO plugin v26.5 - https:\/\/yoast.com\/wordpress\/plugins\/seo\/ -->\n<title>Our commitment | Ballons du L\u00e9man<\/title>\n<meta name=\"robots\" content=\"index, follow, max-snippet:-1, max-image-preview:large, max-video-preview:-1\" \/>\n<link rel=\"canonical\" href=\"https:\/\/www.ballons-du-leman.ch\/en\/our-commitment\/\" \/>\n<meta property=\"og:locale\" content=\"en_US\" \/>\n<meta property=\"og:type\" content=\"article\" \/>\n<meta property=\"og:title\" content=\"Our commitment | Ballons du L\u00e9man\" \/>\n<meta property=\"og:description\" content=\"Ballons du L\u00e9man is committed to sustainable development! How ? By developing social partnerships Aware of how lucky we are to be able to live our passion from day to day, it is important to us to share these magical moments with others who are not always as lucky. We are very proud to have [&hellip;]\" \/>\n<meta property=\"og:url\" content=\"https:\/\/www.ballons-du-leman.ch\/en\/our-commitment\/\" \/>\n<meta property=\"og:site_name\" content=\"Ballons du L\u00e9man\" \/>\n<meta property=\"article:publisher\" content=\"https:\/\/www.facebook.com\/BallonsDuLeman\" \/>\n<meta property=\"article:modified_time\" content=\"2026-01-05T11:56:17+00:00\" \/>\n<meta property=\"og:image\" content=\"https:\/\/www.ballons-du-leman.ch\/wp-content\/uploads\/2024\/01\/homepage-slider-2.webp\" \/>\n\t<meta property=\"og:image:width\" content=\"1280\" \/>\n\t<meta property=\"og:image:height\" content=\"751\" \/>\n\t<meta property=\"og:image:type\" content=\"image\/webp\" \/>\n<meta name=\"twitter:card\" content=\"summary_large_image\" \/>\n<meta name=\"twitter:label1\" content=\"Est. reading time\" \/>\n\t<meta name=\"twitter:data1\" content=\"4 minutes\" \/>\n<!-- \/ Yoast SEO plugin. -->","yoast_head_json":{"title":"Our commitment | Ballons du L\u00e9man","robots":{"index":"index","follow":"follow","max-snippet":"max-snippet:-1","max-image-preview":"max-image-preview:large","max-video-preview":"max-video-preview:-1"},"canonical":"https:\/\/www.ballons-du-leman.ch\/en\/our-commitment\/","og_locale":"en_US","og_type":"article","og_title":"Our commitment | Ballons du L\u00e9man","og_description":"Ballons du L\u00e9man is committed to sustainable development! How ? By developing social partnerships Aware of how lucky we are to be able to live our passion from day to day, it is important to us to share these magical moments with others who are not always as lucky. We are very proud to have [&hellip;]","og_url":"https:\/\/www.ballons-du-leman.ch\/en\/our-commitment\/","og_site_name":"Ballons du L\u00e9man","article_publisher":"https:\/\/www.facebook.com\/BallonsDuLeman","article_modified_time":"2026-01-05T11:56:17+00:00","og_image":[{"width":1280,"height":751,"url":"https:\/\/www.ballons-du-leman.ch\/wp-content\/uploads\/2024\/01\/homepage-slider-2.webp","type":"image\/webp"}],"twitter_card":"summary_large_image","twitter_misc":{"Est. reading time":"4 minutes"},"schema":{"@context":"https:\/\/schema.org","@graph":[{"@type":"WebPage","@id":"https:\/\/www.ballons-du-leman.ch\/en\/our-commitment\/","url":"https:\/\/www.ballons-du-leman.ch\/en\/our-commitment\/","name":"Our commitment | Ballons du L\u00e9man","isPartOf":{"@id":"https:\/\/www.ballons-du-leman.ch\/en\/#website"},"primaryImageOfPage":{"@id":"https:\/\/www.ballons-du-leman.ch\/en\/our-commitment\/#primaryimage"},"image":{"@id":"https:\/\/www.ballons-du-leman.ch\/en\/our-commitment\/#primaryimage"},"thumbnailUrl":"https:\/\/www.ballons-du-leman.ch\/wp-content\/uploads\/2024\/01\/homepage-slider-2.webp","datePublished":"2024-01-04T08:40:41+00:00","dateModified":"2026-01-05T11:56:17+00:00","breadcrumb":{"@id":"https:\/\/www.ballons-du-leman.ch\/en\/our-commitment\/#breadcrumb"},"inLanguage":"en-US","potentialAction":[{"@type":"ReadAction","target":["https:\/\/www.ballons-du-leman.ch\/en\/our-commitment\/"]}]},{"@type":"ImageObject","inLanguage":"en-US","@id":"https:\/\/www.ballons-du-leman.ch\/en\/our-commitment\/#primaryimage","url":"https:\/\/www.ballons-du-leman.ch\/wp-content\/uploads\/2024\/01\/homepage-slider-2.webp","contentUrl":"https:\/\/www.ballons-du-leman.ch\/wp-content\/uploads\/2024\/01\/homepage-slider-2.webp","width":1280,"height":751},{"@type":"BreadcrumbList","@id":"https:\/\/www.ballons-du-leman.ch\/en\/our-commitment\/#breadcrumb","itemListElement":[{"@type":"ListItem","position":1,"name":"Accueil","item":"https:\/\/www.ballons-du-leman.ch\/en\/"},{"@type":"ListItem","position":2,"name":"Our commitment"}]},{"@type":"WebSite","@id":"https:\/\/www.ballons-du-leman.ch\/en\/#website","url":"https:\/\/www.ballons-du-leman.ch\/en\/","name":"Ballons du L\u00e9man","description":"Vols en montgolfi\u00e8re en Suisse","publisher":{"@id":"https:\/\/www.ballons-du-leman.ch\/en\/#organization"},"potentialAction":[{"@type":"SearchAction","target":{"@type":"EntryPoint","urlTemplate":"https:\/\/www.ballons-du-leman.ch\/en\/?s={search_term_string}"},"query-input":{"@type":"PropertyValueSpecification","valueRequired":true,"valueName":"search_term_string"}}],"inLanguage":"en-US"},{"@type":"Organization","@id":"https:\/\/www.ballons-du-leman.ch\/en\/#organization","name":"Ballons du L\u00e9man","url":"https:\/\/www.ballons-du-leman.ch\/en\/","logo":{"@type":"ImageObject","inLanguage":"en-US","@id":"https:\/\/www.ballons-du-leman.ch\/en\/#\/schema\/logo\/image\/","url":"https:\/\/www.ballons-du-leman.ch\/wp-content\/uploads\/2024\/02\/logo-ballons-du-leman.png","contentUrl":"https:\/\/www.ballons-du-leman.ch\/wp-content\/uploads\/2024\/02\/logo-ballons-du-leman.png","width":868,"height":868,"caption":"Ballons du L\u00e9man"},"image":{"@id":"https:\/\/www.ballons-du-leman.ch\/en\/#\/schema\/logo\/image\/"},"sameAs":["https:\/\/www.facebook.com\/BallonsDuLeman","https:\/\/www.youtube.com\/channel\/UCnBvk8L2WR7TIB8RnaKCdBw","https:\/\/www.instagram.com\/ballonsduleman"]}]}},"_links":{"self":[{"href":"https:\/\/www.ballons-du-leman.ch\/en\/wp-json\/wp\/v2\/pages\/995","targetHints":{"allow":["GET"]}}],"collection":[{"href":"https:\/\/www.ballons-du-leman.ch\/en\/wp-json\/wp\/v2\/pages"}],"about":[{"href":"https:\/\/www.ballons-du-leman.ch\/en\/wp-json\/wp\/v2\/types\/page"}],"author":[{"embeddable":true,"href":"https:\/\/www.ballons-du-leman.ch\/en\/wp-json\/wp\/v2\/users\/1"}],"replies":[{"embeddable":true,"href":"https:\/\/www.ballons-du-leman.ch\/en\/wp-json\/wp\/v2\/comments?post=995"}],"version-history":[{"count":3,"href":"https:\/\/www.ballons-du-leman.ch\/en\/wp-json\/wp\/v2\/pages\/995\/revisions"}],"predecessor-version":[{"id":5281,"href":"https:\/\/www.ballons-du-leman.ch\/en\/wp-json\/wp\/v2\/pages\/995\/revisions\/5281"}],"wp:featuredmedia":[{"embeddable":true,"href":"https:\/\/www.ballons-du-leman.ch\/en\/wp-json\/wp\/v2\/media\/627"}],"wp:attachment":[{"href":"https:\/\/www.ballons-du-leman.ch\/en\/wp-json\/wp\/v2\/media?parent=995"}],"curies":[{"name":"wp","href":"https:\/\/api.w.org\/{rel}","templated":true}]}}